{"id":2612,"date":"2025-05-06T10:46:31","date_gmt":"2025-05-06T09:46:31","guid":{"rendered":"https:\/\/mariablazina.hr\/lista-per-il-consiglio-comunale\/"},"modified":"2025-05-10T13:50:26","modified_gmt":"2025-05-10T12:50:26","slug":"lista-per-il-consiglio-comunale","status":"publish","type":"page","link":"https:\/\/mariablazina.hr\/it\/lista-per-il-consiglio-comunale\/","title":{"rendered":"Lista per il Consiglio Comunale"},"content":{"rendered":"<p>[et_pb_section fb_built=&#8221;1&#8243; custom_padding_last_edited=&#8221;on|phone&#8221; _builder_version=&#8221;4.27.4&#8243; _module_preset=&#8221;default&#8221; background_enable_color=&#8221;off&#8221; background_enable_image=&#8221;off&#8221; background_blend=&#8221;overlay&#8221; custom_padding_tablet=&#8221;&#8221; custom_padding_phone=&#8221;||0px||false|false&#8221; global_colors_info=&#8221;{}&#8221;][et_pb_row column_structure=&#8221;1_2,1_2&#8243; _builder_version=&#8221;4.27.4&#8243; _module_preset=&#8221;default&#8221; width=&#8221;95%&#8221; max_width=&#8221;100%&#8221; custom_padding=&#8221;100px||||false|false&#8221; global_colors_info=&#8221;{}&#8221;][et_pb_column type=&#8221;1_2&#8243; _builder_version=&#8221;4.27.4&#8243; _module_preset=&#8221;default&#8221; global_colors_info=&#8221;{}&#8221;][et_pb_text _builder_version=&#8221;4.27.4&#8243; _module_preset=&#8221;default&#8221; header_font=&#8221;|||on|||||&#8221; header_text_color=&#8221;#D7162F&#8221; header_font_size=&#8221;60px&#8221; custom_margin=&#8221;||||false|false&#8221; custom_padding=&#8221;235px||||false|false&#8221; custom_padding_tablet=&#8221;235px||||false|false&#8221; custom_padding_phone=&#8221;0px|25px|||false|false&#8221; custom_padding_last_edited=&#8221;on|phone&#8221; header_font_size_tablet=&#8221;60px&#8221; header_font_size_phone=&#8221;35px&#8221; header_font_size_last_edited=&#8221;on|phone&#8221; global_colors_info=&#8221;{}&#8221;]<\/p>\n<h1>Lista per il Consiglio Comunale<\/h1>\n<p>[\/et_pb_text][\/et_pb_column][et_pb_column type=&#8221;1_2&#8243; _builder_version=&#8221;4.27.4&#8243; _module_preset=&#8221;default&#8221; global_colors_info=&#8221;{}&#8221;][et_pb_image src=&#8221;https:\/\/mariablazina.hr\/wp-content\/uploads\/2025\/05\/zajednicka1.webp&#8221; title_text=&#8221;zajedni\u010dka1&#8243; _builder_version=&#8221;4.27.4&#8243; _module_preset=&#8221;default&#8221; global_colors_info=&#8221;{}&#8221;][\/et_pb_image][\/et_pb_column][\/et_pb_row][\/et_pb_section][et_pb_section fb_built=&#8221;1&#8243; _builder_version=&#8221;4.27.4&#8243; _module_preset=&#8221;default&#8221; global_colors_info=&#8221;{}&#8221;][et_pb_row column_structure=&#8221;1_3,1_3,1_3&#8243; use_custom_gutter=&#8221;on&#8221; gutter_width=&#8221;2&#8243; _builder_version=&#8221;4.27.4&#8243; _module_preset=&#8221;default&#8221; width=&#8221;95%&#8221; max_width=&#8221;100%&#8221; global_colors_info=&#8221;{}&#8221;][et_pb_column type=&#8221;1_3&#8243; _builder_version=&#8221;4.27.4&#8243; _module_preset=&#8221;default&#8221; global_colors_info=&#8221;{}&#8221;][et_pb_blurb title=&#8221;Maria Bla\u017eina &#8211; La vostra nuova sindaca&#8221; image=&#8221;https:\/\/mariablazina.hr\/wp-content\/uploads\/2025\/05\/lista-zaweb-1.png&#8221; content_max_width=&#8221;1100px&#8221; _builder_version=&#8221;4.27.4&#8243; _module_preset=&#8221;default&#8221; header_level=&#8221;h2&#8243; header_font=&#8221;||||||||&#8221; header_font_size=&#8221;21px&#8221; background_enable_color=&#8221;off&#8221; background_enable_image=&#8221;off&#8221; background_blend=&#8221;overlay&#8221; border_radii_last_edited=&#8221;off|desktop&#8221; global_colors_info=&#8221;{}&#8221;]<\/p>\n<p><b><i>\u201eLa scienza mi ha insegnato come risolvere i problemi. La vita a Rovigno mi ha insegnato perch\u00e9 \u00e8 importante non arrendersi.\u201c<\/i><\/b><\/p>\n<p><\/p>\n<p>Sono dottoressa in scienze marine e dirigo il laboratorio presso l&amp;#39;Istituto Ru\u0111er Bo\u0161kovi\u0107. Da anni studio l\u2019impatto dei cambiamenti climatici sull\u2019Adriatico. Nel lavoro scientifico, come nella vita, credo nei dati, nella responsabilit\u00e0 e nella collaborazione di squadra.<\/p>\n<p><\/p>\n<p><span style=\"font-weight: 400;\">Come consigliera comunale mi batto ogni giorno per un\u2019amministrazione trasparente, la partecipazione dei cittadini e uno sviluppo basato sulla conoscenza e sui bisogni della comunit\u00e0.<\/span><\/p>\n<p><\/p>\n<p><span style=\"font-weight: 400;\">Sono madre di due figli e credo che Rovigno possa essere una citt\u00e0 in cui ogni famiglia ha spazio per vivere, ogni lavoratore ha dignit\u00e0 e ogni bambino ha l\u2019opportunit\u00e0 di avere successo.<\/span><\/p>\n<p><\/p>\n<h3><b>Cosa mi motiva?<\/b><\/h3>\n<p><\/p>\n<ul>\n<li style=\"font-weight: 400;\" aria-level=\"1\"><span style=\"font-weight: 400;\">Una citt\u00e0 che rispetta le persone e la natura<\/span><\/li>\n<li style=\"font-weight: 400;\" aria-level=\"1\"><span style=\"font-weight: 400;\">Una gestione responsabile e trasparente<\/span><\/li>\n<li style=\"font-weight: 400;\" aria-level=\"1\"><span style=\"font-weight: 400;\">Una comunit\u00e0 in cui si resta perch\u00e9 si crede nel futuro<\/span><\/li>\n<\/ul>\n<p><\/p>\n<h3><b>Visione<\/b><\/h3>\n<p><\/p>\n<p><span style=\"font-weight: 400;\">Una Rovigno che agisce con consapevolezza, equit\u00e0 e giustizia. Per tutti noi!<\/span><\/p>\n<p>[\/et_pb_blurb][\/et_pb_column][et_pb_column type=&#8221;1_3&#8243; _builder_version=&#8221;4.27.4&#8243; _module_preset=&#8221;default&#8221; global_colors_info=&#8221;{}&#8221;][et_pb_blurb title=&#8221;Klaudio Poropat &#8211; operatore sportivo e attivista politico&#8221; image=&#8221;https:\/\/mariablazina.hr\/wp-content\/uploads\/2025\/05\/2.png&#8221; content_max_width=&#8221;1100px&#8221; _builder_version=&#8221;4.27.4&#8243; _module_preset=&#8221;default&#8221; header_level=&#8221;h2&#8243; header_font=&#8221;||||||||&#8221; header_font_size=&#8221;21px&#8221; background_enable_color=&#8221;off&#8221; background_enable_image=&#8221;off&#8221; background_blend=&#8221;overlay&#8221; border_radii_last_edited=&#8221;off|desktop&#8221; global_colors_info=&#8221;{}&#8221;]<\/p>\n<p><b><i>\u201eDeterminazione, lavoro di squadra e rispetto. Valori dello sport che vivo anche nella societ\u00e0.\u201c<\/i><\/b><\/p>\n<p><\/p>\n<p><b>La forza dell\u2019esperienza, la lealt\u00e0 verso la comunit\u00e0.<\/b><b><br \/><\/b><span style=\"font-weight: 400;\">Nato nel 1969, Klaudio ha costruito il suo percorso professionale e sociale ricoprendo diversi ruoli: da rappresentante commerciale e collaboratore nel settore assicurativo, fino alla sua attuale posizione in Croatia osiguranje. Ha completato la scuola alberghiera-turistica a Rovigno e la Scuola superiore per allenatori presso l\u2019Accademia Olimpica Croata.<\/span><\/p>\n<p><\/p>\n<p><span style=\"font-weight: 400;\">\u00c8 attivo in politica da oltre 25 anni, membro del SDP dal 1996, da lungo tempo membro del Comitato cittadino, candidato sindaco di Rovigno nel 2017 e delegato nella presidenza del Comitato provinciale del SDP della Regione Istriana per due mandati.<\/span><\/p>\n<p><\/p>\n<p><span style=\"font-weight: 400;\">Klaudio \u00e8 anche un ex atleta professionista, con 23 anni di carriera attiva nel club di pallavolo di prima lega di Rovigno. Oggi \u00e8 presidente del Comitato esecutivo della Federazione di pallavolo della Regione Istriana.<\/span><\/p>\n<p><\/p>\n<h3><b>I suoi ambiti di azione<\/b><\/h3>\n<p><\/p>\n<ul>\n<li style=\"font-weight: 400;\" aria-level=\"1\"><span style=\"font-weight: 400;\">Infrastruttura sportiva e sociale attiva<\/span><\/li>\n<li style=\"font-weight: 400;\" aria-level=\"1\"><span style=\"font-weight: 400;\">Amministrazione locale trasparente<\/span><\/li>\n<li style=\"font-weight: 400;\" aria-level=\"1\"><span style=\"font-weight: 400;\">Sostegno ai giovani e alle associazioni sportive<\/span><\/li>\n<\/ul>\n<p><\/p>\n<h3><b>Messaggio alla comunit\u00e0<\/b><\/h3>\n<p><\/p>\n<p><span style=\"font-weight: 400;\">&#8220;Come nella pallavolo, \u00e8 importante che ognuno conosca il proprio ruolo, perche&#8217; solo insieme possiamo vincere.&#8221;<\/span><\/p>\n<p>[\/et_pb_blurb][\/et_pb_column][et_pb_column type=&#8221;1_3&#8243; _builder_version=&#8221;4.27.4&#8243; _module_preset=&#8221;default&#8221; global_colors_info=&#8221;{}&#8221;][et_pb_blurb title=&#8221;Goran Suboti\u0107 &#8211; professore di educazione fisica e membro dell\u2019Assemblea regionale&#8221; image=&#8221;https:\/\/mariablazina.hr\/wp-content\/uploads\/2025\/05\/12.png&#8221; content_max_width=&#8221;1100px&#8221; _builder_version=&#8221;4.27.4&#8243; _module_preset=&#8221;default&#8221; header_level=&#8221;h2&#8243; header_font=&#8221;||||||||&#8221; header_font_size=&#8221;21px&#8221; background_enable_color=&#8221;off&#8221; background_enable_image=&#8221;off&#8221; background_blend=&#8221;overlay&#8221; border_radii_last_edited=&#8221;off|desktop&#8221; global_colors_info=&#8221;{}&#8221;]<\/p>\n<p><b>\u201eLa salute, il lavoro e la solidariet\u00e0 sono le basi di ogni societ\u00e0 sana.\u201c<\/b><\/p>\n<p><\/p>\n<p><span style=\"font-weight: 400;\">Dallo sport e dalla salute all\u2019impegno politico attivo.<\/span><span style=\"font-weight: 400;\"><br \/><\/span><span style=\"font-weight: 400;\">Nato nel 1977, Goran ha studiato a Pola (scuola superiore di medicina) e si \u00e8 laureato presso la Facolt\u00e0 di scienze motorie a Zagabria, ottenendo il titolo di professore di educazione fisica. Ha iniziato il suo percorso professionale come wellness manager alle Terme dell\u2019Istria, per poi proseguire nel turismo, dove gestisce un\u2019attivit\u00e0 insieme al fratello.<\/span><\/p>\n<p><\/p>\n<p><span style=\"font-weight: 400;\">Goran \u00e8 membro attivo del SDP dal 2006. Negli ultimi due mandati ha ricoperto il ruolo di consigliere comunale e provinciale. \u00c8 stato anche vicepresidente dell\u2019Associazione dei chinesiologi della Citt\u00e0 di Rovigno-Rovinj. La sua esperienza unisce politica, economia e responsabilit\u00e0 personale verso la comunit\u00e0.<\/span><\/p>\n<p><\/p>\n<h3><b>I suoi valori fondamentali<\/b><\/h3>\n<p><\/p>\n<ul>\n<li style=\"font-weight: 400;\" aria-level=\"1\"><span style=\"font-weight: 400;\">Sanit\u00e0 accessibile e promozione di stili di vita sani<\/span><\/li>\n<li style=\"font-weight: 400;\" aria-level=\"1\"><span style=\"font-weight: 400;\">Sostegno ai piccoli imprenditori e artigiani<\/span><\/li>\n<li style=\"font-weight: 400;\" aria-level=\"1\"><span style=\"font-weight: 400;\">Sviluppo equilibrato della citt\u00e0 e delle aree rurali<\/span><\/li>\n<\/ul>\n<p><\/p>\n<h3><b>Messaggio alla comunit\u00e0<\/b><\/h3>\n<p><\/p>\n<p><span style=\"font-weight: 400;\">\u201eRovigno merita una guida fondata sulla conoscenza, sul lavoro e sul rispetto per ogni persona.\u201c<\/span><\/p>\n<p>[\/et_pb_blurb][\/et_pb_column][\/et_pb_row][\/et_pb_section][et_pb_section fb_built=&#8221;1&#8243; next_background_color=&#8221;#ffffff&#8221; admin_label=&#8221;Quote&#8221; _builder_version=&#8221;4.27.4&#8243; background_color=&#8221;rgba(0,0,0,0.54)&#8221; background_image=&#8221;https:\/\/mariablazina.hr\/wp-content\/uploads\/2025\/04\/IMG-20250408-WA0016.jpg&#8221; background_position=&#8221;top_center&#8221; background_vertical_offset=&#8221;70%&#8221; background_blend=&#8221;overlay&#8221; custom_padding=&#8221;230px||230px||true|false&#8221; top_divider_style=&#8221;slant&#8221; top_divider_color=&#8221;#FFFFFF&#8221; top_divider_flip=&#8221;vertical&#8221; bottom_divider_style=&#8221;slant&#8221; bottom_divider_flip=&#8221;horizontal&#8221; global_colors_info=&#8221;{}&#8221;][et_pb_row _builder_version=&#8221;4.16&#8243; global_colors_info=&#8221;{}&#8221;][et_pb_column type=&#8221;4_4&#8243; admin_label=&#8221;Column&#8221; _builder_version=&#8221;4.16&#8243; custom_padding=&#8221;|||&#8221; global_colors_info=&#8221;{}&#8221; custom_padding__hover=&#8221;|||&#8221;][et_pb_text _builder_version=&#8221;4.27.4&#8243; text_font=&#8221;FrutigerBol|||on|||||&#8221; text_text_color=&#8221;#ffffff&#8221; text_font_size=&#8221;45px&#8221; text_line_height=&#8221;1.3em&#8221; header_font=&#8221;||||||||&#8221; text_orientation=&#8221;center&#8221; max_width=&#8221;1200px&#8221; module_alignment=&#8221;center&#8221; custom_margin=&#8221;||10px|||&#8221; animation_style=&#8221;slide&#8221; animation_direction=&#8221;bottom&#8221; animation_intensity_slide=&#8221;15%&#8221; text_font_size_tablet=&#8221;36px&#8221; text_font_size_phone=&#8221;35px&#8221; text_font_size_last_edited=&#8221;on|phone&#8221; global_colors_info=&#8221;{}&#8221;]<\/p>\n<p>Una citt\u00e0 in cui si decide insieme, non a porte chiuse.<\/p>\n<p>[\/et_pb_text][et_pb_image src=&#8221;https:\/\/mariablazina.hr\/wp-content\/uploads\/2025\/02\/sdp.png&#8221; title_text=&#8221;sdp&#8221; disabled_on=&#8221;on|on|on&#8221; module_class=&#8221;fixed-image&#8221; _builder_version=&#8221;4.27.4&#8243; _module_preset=&#8221;default&#8221; transform_scale_tablet=&#8221;&#8221; transform_scale_phone=&#8221;&#8221; transform_scale_last_edited=&#8221;on|phone&#8221; transform_translate_tablet=&#8221;&#8221; transform_translate_phone=&#8221;-100px|0px&#8221; transform_translate_last_edited=&#8221;on|phone&#8221; transform_translate_linked_phone=&#8221;off&#8221; transform_rotate_tablet=&#8221;&#8221; transform_rotate_phone=&#8221;&#8221; transform_rotate_last_edited=&#8221;on|phone&#8221; transform_skew_tablet=&#8221;&#8221; transform_skew_phone=&#8221;&#8221; transform_skew_last_edited=&#8221;on|phone&#8221; transform_origin_tablet=&#8221;&#8221; transform_origin_phone=&#8221;&#8221; transform_origin_last_edited=&#8221;on|phone&#8221; transform_styles_last_edited=&#8221;on|phone&#8221; positioning=&#8221;fixed&#8221; position_origin_f=&#8221;center_right&#8221; horizontal_offset=&#8221;-150px&#8221; z_index=&#8221;500&#8243; width_tablet=&#8221;&#8221; width_phone=&#8221;50%&#8221; width_last_edited=&#8221;on|phone&#8221; transform_styles_tablet=&#8221;&#8221; transform_styles_phone=&#8221;&#8221; disabled=&#8221;on&#8221; global_colors_info=&#8221;{}&#8221;][\/et_pb_image][\/et_pb_column][\/et_pb_row][\/et_pb_section][et_pb_section fb_built=&#8221;1&#8243; _builder_version=&#8221;4.27.4&#8243; _module_preset=&#8221;default&#8221; global_colors_info=&#8221;{}&#8221;][et_pb_row column_structure=&#8221;1_3,1_3,1_3&#8243; use_custom_gutter=&#8221;on&#8221; gutter_width=&#8221;2&#8243; _builder_version=&#8221;4.27.4&#8243; _module_preset=&#8221;default&#8221; width=&#8221;95%&#8221; max_width=&#8221;100%&#8221; global_colors_info=&#8221;{}&#8221;][et_pb_column type=&#8221;1_3&#8243; _builder_version=&#8221;4.27.4&#8243; _module_preset=&#8221;default&#8221; global_colors_info=&#8221;{}&#8221;][et_pb_blurb title=&#8221;Helena Budicin Modri\u0107 &#8211; imprenditrice e operatrice nel turismo&#8221; image=&#8221;https:\/\/mariablazina.hr\/wp-content\/uploads\/2025\/05\/9.png&#8221; content_max_width=&#8221;1100px&#8221; _builder_version=&#8221;4.27.4&#8243; _module_preset=&#8221;default&#8221; header_level=&#8221;h2&#8243; header_font=&#8221;||||||||&#8221; header_font_size=&#8221;21px&#8221; background_enable_color=&#8221;off&#8221; background_enable_image=&#8221;off&#8221; background_blend=&#8221;overlay&#8221; border_radii_last_edited=&#8221;off|desktop&#8221; global_colors_info=&#8221;{}&#8221;]<\/p>\n<p><b><i>&#8220;Investendo nella conoscenza e nei giovani, costruiamo un Rovigno che non resta indietro, ma guida il cambiamento.\u201c<\/i><\/b><\/p>\n<p><\/p>\n<p><span style=\"font-weight: 400;\">Helena \u00e8 una rovignese, appartenente a una delle famiglie pi\u00f9 antiche della citt\u00e0, e una persona che incarna i valori di Rovigno: dedizione, rispetto e responsabilit\u00e0. Attraverso il lavoro nel turismo e la gestione della propria attivit\u00e0, promuove ogni giorno professionalit\u00e0 e attenzione verso le persone con cui lavora.<\/span><\/p>\n<p><\/p>\n<p><span style=\"font-weight: 400;\">Ci\u00f2 che la distingue \u00e8 la sua forte convinzione nell\u2019importanza dell\u2019istruzione e dei giovani. Helena sa che investire nella conoscenza non \u00e8 una spesa, ma la base del progresso. Si impegna affinch\u00e9 Rovigno sia una citt\u00e0 che offre fiducia e opportunit\u00e0 ai giovani, perch\u00e9 senza di loro non c\u2019\u00e8 vero sviluppo.<\/span><\/p>\n<p><\/p>\n<p><span style=\"font-weight: 400;\">Con il suo esempio dimostra che l\u2019imprenditoria pu\u00f2 e deve essere legata alla responsabilit\u00e0 sociale, e che il successo si misura anche con il contributo dato alla comunit\u00e0.<\/span><\/p>\n<p><\/p>\n<h3><b>Cosa la motiva<\/b><\/h3>\n<p><\/p>\n<ul>\n<li style=\"font-weight: 400;\" aria-level=\"1\"><span style=\"font-weight: 400;\">Educazione e opportunit\u00e0 per i giovani<\/span><\/li>\n<li style=\"font-weight: 400;\" aria-level=\"1\"><span style=\"font-weight: 400;\">Onest\u00e0 ed etica del lavoro<\/span><\/li>\n<li style=\"font-weight: 400;\" aria-level=\"1\"><span style=\"font-weight: 400;\">Equilibrio tra tradizione e sviluppo<\/span><\/li>\n<\/ul>\n<p><\/p>\n<h3><b>Messaggio alla comunit\u00e0<\/b><\/h3>\n<p><\/p>\n<p><span style=\"font-weight: 400;\">\u201cIl Rovigno che vogliamo domani, costruiamolo oggi con conoscenza, collaborazione e scelte giuste.\u201d<\/span><\/p>\n<p>[\/et_pb_blurb][\/et_pb_column][et_pb_column type=&#8221;1_3&#8243; _builder_version=&#8221;4.27.4&#8243; _module_preset=&#8221;default&#8221; global_colors_info=&#8221;{}&#8221;][et_pb_blurb title=&#8221;Sini\u0161a \u0160kaberna &#8211; esperto di comunicazione, sommelier e attivista ecologico&#8221; image=&#8221;https:\/\/mariablazina.hr\/wp-content\/uploads\/2025\/05\/15.png&#8221; content_max_width=&#8221;1100px&#8221; _builder_version=&#8221;4.27.4&#8243; _module_preset=&#8221;default&#8221; header_level=&#8221;h2&#8243; header_font=&#8221;||||||||&#8221; header_font_size=&#8221;21px&#8221; background_enable_color=&#8221;off&#8221; background_enable_image=&#8221;off&#8221; background_blend=&#8221;overlay&#8221; border_radii_last_edited=&#8221;off|desktop&#8221; global_colors_info=&#8221;{}&#8221;]<\/p>\n<p><b>\u201eOgni cittadino responsabile \u00e8 fautore dell\u2019 ambiente di vita comune.\u201c<\/b><\/p>\n<p><\/p>\n<p><span style=\"font-weight: 400;\">Da Dortmund a Rovigno, stessa missione: sostenibilit\u00e0, consapevolezza e comunit\u00e0.<\/span><span style=\"font-weight: 400;\"><br \/><\/span><span style=\"font-weight: 400;\"> Sini\u0161a \u0160kaberna \u00e8 giornalista, sommelier e sostenitore dello sviluppo sostenibile con oltre 30 anni di esperienza nella comunicazione e nell\u2019attivismo locale. Nato nel 1965, oggi vive e lavora a Rovigno, dove gestisce un\u2019attivit\u00e0 di consulenza gastronomica.<\/span><\/p>\n<p><\/p>\n<p><span style=\"font-weight: 400;\">Ex giornalista per WDR, DW e HRT, si \u00e8 occupato di temi legati all\u2019ecologia, all\u2019energia, alle migrazioni e alle infrastrutture. A Dortmund \u00e8 stato membro del comitato municipale per la riduzione delle emissioni di CO\u2082, dove ha lavorato su strategie, analisi ed educazione dei cittadini alla responsabilit\u00e0 climatica.<\/span><\/p>\n<p><\/p>\n<p><span style=\"font-weight: 400;\">A Rovigno ha guidato iniziative per la salvaguardia dei biotopi e del paesaggio, promosso azioni civiche per la sicurezza del traffico nei quartieri residenziali e partecipato alla fondazione del Mercato Ecologico Solidale. La sua presenza rappresenta il collegamento tra conoscenza locale e pratiche globali, nonch\u00e9 il coraggio di difendere ci\u00f2 che appartiene a tutti noi: la natura, lo spazio e le persone.<\/span><\/p>\n<p><\/p>\n<h3><b>Aree chiave del suo impegno<\/b><\/h3>\n<p><\/p>\n<ul>\n<li style=\"font-weight: 400;\" aria-level=\"1\"><span style=\"font-weight: 400;\">Politiche ecologiche e climatiche<\/span><\/li>\n<li style=\"font-weight: 400;\" aria-level=\"1\"><span style=\"font-weight: 400;\">Sicurezza urbana e mobilit\u00e0 sostenibile<\/span><\/li>\n<li style=\"font-weight: 400;\" aria-level=\"1\"><span style=\"font-weight: 400;\">Attivismo civico e partecipazione della comunit\u00e0<\/span><\/li>\n<li style=\"font-weight: 400;\" aria-level=\"1\"><span style=\"font-weight: 400;\">Gastronomia locale e turismo sostenibile<\/span><\/li>\n<\/ul>\n<p><\/p>\n<h3><b>Messaggio alla comunit\u00e0<\/b><\/h3>\n<p><\/p>\n<p><span style=\"font-weight: 400;\">\u201eSe non proteggiamo il nostro quartiere, chi lo far\u00e0? Cittadini attivi e consapevoli sono la garanzia del progresso.\u201c<\/span><\/p>\n<p>[\/et_pb_blurb][\/et_pb_column][et_pb_column type=&#8221;1_3&#8243; _builder_version=&#8221;4.27.4&#8243; _module_preset=&#8221;default&#8221; global_colors_info=&#8221;{}&#8221;][et_pb_blurb title=&#8221;Mirko Bijelonji\u0107 &#8211; esperto di energia verde e sviluppo sostenibile&#8221; image=&#8221;https:\/\/mariablazina.hr\/wp-content\/uploads\/2025\/05\/8.png&#8221; content_max_width=&#8221;1100px&#8221; _builder_version=&#8221;4.27.4&#8243; _module_preset=&#8221;default&#8221; header_level=&#8221;h2&#8243; header_font=&#8221;||||||||&#8221; header_font_size=&#8221;21px&#8221; background_enable_color=&#8221;off&#8221; background_enable_image=&#8221;off&#8221; background_blend=&#8221;overlay&#8221; border_radii_last_edited=&#8221;off|desktop&#8221; global_colors_info=&#8221;{}&#8221;]<\/p>\n<p><b><i>\u201eLa sostenibilit\u00e0 non \u00e8 il futuro, \u00e8 il presente a cui dobbiamo dare priorit\u00e0.\u201c<\/i><\/b><\/p>\n<p><\/p>\n<p><span style=\"font-weight: 400;\">Consulente energetico con una visione.<\/span><span style=\"font-weight: 400;\"><br \/><\/span><span style=\"font-weight: 400;\">Mirko Bijelonji\u0107 porta con s\u00e9 decenni di esperienza specialistica nella progettazione di sistemi di energia verde, con un\u2019attenzione particolare alla sostenibilit\u00e0 e all\u2019efficienza energetica. Nel corso della sua carriera ha fornito consulenza a numerosi investitori nazionali e stranieri sulle possibilit\u00e0 di investimento in Croazia, sempre con l\u2019obiettivo di promuovere soluzioni rispettose dell\u2019ambiente e favorevoli alla stabilit\u00e0 a lungo termine della comunit\u00e0.<\/span><\/p>\n<p><\/p>\n<p><span style=\"font-weight: 400;\">Come membro del Partito dei Pensionati, Mirko apporta al team valori che uniscono la cura per le future generazioni con l\u2019esperienza degli anziani. La sua comprensione delle sfide energetiche, sia locali che globali, \u00e8 la chiave per sviluppare soluzioni concrete e realizzabili a Rovigno.<\/span><\/p>\n<p><\/p>\n<h3><b>I suoi ambiti di azione<\/b><\/h3>\n<p><\/p>\n<ul>\n<li style=\"font-weight: 400;\" aria-level=\"1\"><span style=\"font-weight: 400;\">Indipendenza energetica tramite fonti rinnovabili<\/span><\/li>\n<li style=\"font-weight: 400;\" aria-level=\"1\"><span style=\"font-weight: 400;\">Infrastrutture ecologicamente sostenibili<\/span><\/li>\n<li style=\"font-weight: 400;\" aria-level=\"1\"><span style=\"font-weight: 400;\">Connessione tra conoscenza e sviluppo locale<\/span><\/li>\n<\/ul>\n<p><\/p>\n<h3><b>Messaggio alla comunit\u00e0<\/b><\/h3>\n<p><\/p>\n<p><span style=\"font-weight: 400;\">\u201eInsieme possiamo costruire un Rovigno che produce la propria energia pulita e in rispetto dellalnatura.\u201c<\/span><\/p>\n<p>[\/et_pb_blurb][\/et_pb_column][\/et_pb_row][\/et_pb_section][et_pb_section fb_built=&#8221;1&#8243; next_background_color=&#8221;#ffffff&#8221; admin_label=&#8221;Quote&#8221; _builder_version=&#8221;4.27.4&#8243; background_color=&#8221;rgba(0,0,0,0.54)&#8221; background_image=&#8221;https:\/\/mariablazina.hr\/wp-content\/uploads\/2025\/04\/CRW_650211.jpg&#8221; background_position=&#8221;top_center&#8221; background_vertical_offset=&#8221;78%&#8221; background_blend=&#8221;overlay&#8221; custom_padding=&#8221;230px||230px||true|false&#8221; top_divider_style=&#8221;slant&#8221; top_divider_color=&#8221;#FFFFFF&#8221; top_divider_flip=&#8221;vertical&#8221; bottom_divider_style=&#8221;slant&#8221; bottom_divider_flip=&#8221;horizontal&#8221; global_colors_info=&#8221;{}&#8221;][et_pb_row _builder_version=&#8221;4.27.4&#8243; width_tablet=&#8221;&#8221; width_phone=&#8221;90%&#8221; width_last_edited=&#8221;on|phone&#8221; global_colors_info=&#8221;{}&#8221;][et_pb_column type=&#8221;4_4&#8243; admin_label=&#8221;Column&#8221; _builder_version=&#8221;4.16&#8243; custom_padding=&#8221;|||&#8221; global_colors_info=&#8221;{}&#8221; custom_padding__hover=&#8221;|||&#8221;][et_pb_text _builder_version=&#8221;4.27.4&#8243; text_font=&#8221;FrutigerBol|||on|||||&#8221; text_text_color=&#8221;#ffffff&#8221; text_font_size=&#8221;45px&#8221; text_line_height=&#8221;1.3em&#8221; header_font=&#8221;||||||||&#8221; text_orientation=&#8221;center&#8221; max_width=&#8221;1200px&#8221; module_alignment=&#8221;center&#8221; custom_margin=&#8221;||10px|||&#8221; animation_style=&#8221;slide&#8221; animation_direction=&#8221;bottom&#8221; animation_intensity_slide=&#8221;15%&#8221; text_font_size_tablet=&#8221;36px&#8221; text_font_size_phone=&#8221;35px&#8221; text_font_size_last_edited=&#8221;on|phone&#8221; global_colors_info=&#8221;{}&#8221;]<\/p>\n<p>Insieme per una citt\u00e0 che rispetta il lavoro, le persone e la natura.<\/p>\n<p>[\/et_pb_text][et_pb_image src=&#8221;https:\/\/mariablazina.hr\/wp-content\/uploads\/2025\/02\/sdp.png&#8221; title_text=&#8221;sdp&#8221; disabled_on=&#8221;on|on|on&#8221; module_class=&#8221;fixed-image&#8221; _builder_version=&#8221;4.27.4&#8243; _module_preset=&#8221;default&#8221; transform_scale_tablet=&#8221;&#8221; transform_scale_phone=&#8221;&#8221; transform_scale_last_edited=&#8221;on|phone&#8221; transform_translate_tablet=&#8221;&#8221; transform_translate_phone=&#8221;-100px|0px&#8221; transform_translate_last_edited=&#8221;on|phone&#8221; transform_translate_linked_phone=&#8221;off&#8221; transform_rotate_tablet=&#8221;&#8221; transform_rotate_phone=&#8221;&#8221; transform_rotate_last_edited=&#8221;on|phone&#8221; transform_skew_tablet=&#8221;&#8221; transform_skew_phone=&#8221;&#8221; transform_skew_last_edited=&#8221;on|phone&#8221; transform_origin_tablet=&#8221;&#8221; transform_origin_phone=&#8221;&#8221; transform_origin_last_edited=&#8221;on|phone&#8221; transform_styles_last_edited=&#8221;on|phone&#8221; positioning=&#8221;fixed&#8221; position_origin_f=&#8221;center_right&#8221; horizontal_offset=&#8221;-150px&#8221; z_index=&#8221;500&#8243; width_tablet=&#8221;&#8221; width_phone=&#8221;50%&#8221; width_last_edited=&#8221;on|phone&#8221; transform_styles_tablet=&#8221;&#8221; transform_styles_phone=&#8221;&#8221; disabled=&#8221;on&#8221; global_colors_info=&#8221;{}&#8221;][\/et_pb_image][\/et_pb_column][\/et_pb_row][\/et_pb_section][et_pb_section fb_built=&#8221;1&#8243; _builder_version=&#8221;4.27.4&#8243; _module_preset=&#8221;default&#8221; global_colors_info=&#8221;{}&#8221;][et_pb_row column_structure=&#8221;1_3,1_3,1_3&#8243; use_custom_gutter=&#8221;on&#8221; gutter_width=&#8221;2&#8243; _builder_version=&#8221;4.27.4&#8243; _module_preset=&#8221;default&#8221; width=&#8221;95%&#8221; max_width=&#8221;100%&#8221; global_colors_info=&#8221;{}&#8221;][et_pb_column type=&#8221;1_3&#8243; _builder_version=&#8221;4.27.4&#8243; _module_preset=&#8221;default&#8221; global_colors_info=&#8221;{}&#8221;][et_pb_blurb title=&#8221;Mr. sc. Eda Kal\u010di\u0107, dipl. oec.&#8221; image=&#8221;https:\/\/mariablazina.hr\/wp-content\/uploads\/2025\/05\/3.png&#8221; content_max_width=&#8221;1100px&#8221; _builder_version=&#8221;4.27.4&#8243; _module_preset=&#8221;default&#8221; header_level=&#8221;h2&#8243; header_font=&#8221;||||||||&#8221; header_font_size=&#8221;21px&#8221; background_enable_color=&#8221;off&#8221; background_enable_image=&#8221;off&#8221; background_blend=&#8221;overlay&#8221; border_radii_last_edited=&#8221;off|desktop&#8221; global_colors_info=&#8221;{}&#8221;]<\/p>\n<p><b><i>\u201eQuattro decenni di lavoro mi hanno insegnato che i cambiamenti non arrivano da un giorno all&#8217;altro, ma con empatia, conoscenza e perseveranza, sono assolutamente possibili.\u201c<\/i><\/b><\/p>\n<p><\/p>\n<p><b>Magistra in macroeconomia, ex direttrice del POU Rovigno, forza familiare e sociale.<\/b><b><br \/><\/b>Nata nel 1958 a Pola, Eda Kal\u010di\u0107 vanta oltre 40 anni di carriera di successo nel settore privato e pubblico. Il suo percorso professionale abbraccia economia, educazione degli adulti, cultura e sviluppo locale \u2014 tutto ci\u00f2 che rappresenta i fondamenti di una comunit\u00e0 moderna e sostenibile.<\/p>\n<p><\/p>\n<p><span style=\"font-weight: 400;\">Come direttrice dell\u2019Universit\u00e0 Popolare Aperta di Rovigno per dieci anni, Eda \u00e8 stata promotrice e sostenitrice di numerose iniziative educative, culturali e sociali. Ha completato anche gli studi in pedagogia, psicologia e andragogia, e ha lavorato nei settori del turismo, del commercio e della produzione, il che le consente una visione completa delle reali esigenze della comunit\u00e0 locale.<\/span><\/p>\n<p><\/p>\n<p><span style=\"font-weight: 400;\">Membro del SDP dal 2008, ex presidente dell\u2019organizzazione cittadina, consigliera comunale e membro del comitato provinciale del SDP dell\u2019Istria. Le politiche che sostiene si basano su un equilibrio tra sviluppo economico, cura delle persone e tutela dell\u2019ambiente in cui viviamo.<\/span><\/p>\n<p><\/p>\n<h3><b>Cosa la motiva?<\/b><\/h3>\n<p><\/p>\n<ul>\n<li style=\"font-weight: 400;\" aria-level=\"1\"><span style=\"font-weight: 400;\">Sviluppo di un turismo sostenibile durante tutto l\u2019anno<\/span><\/li>\n<li style=\"font-weight: 400;\" aria-level=\"1\"><span style=\"font-weight: 400;\">Cura della dignit\u00e0 e della qualit\u00e0 della vita degli anziani<\/span><\/li>\n<li style=\"font-weight: 400;\" aria-level=\"1\"><span style=\"font-weight: 400;\">Tutela dell\u2019ambiente e promozione della produzione ecologica<\/span><\/li>\n<\/ul>\n<p><\/p>\n<h3><b>Motto di vita<\/b><\/h3>\n<p><\/p>\n<p><span style=\"font-weight: 400;\">&#8220;Con lavoro, disciplina, empatia e onest\u00e0, si possono creare miracoli!&#8221;<\/span><\/p>\n<p>[\/et_pb_blurb][\/et_pb_column][et_pb_column type=&#8221;1_3&#8243; _builder_version=&#8221;4.27.4&#8243; _module_preset=&#8221;default&#8221; global_colors_info=&#8221;{}&#8221;][et_pb_blurb title=&#8221;Nereo Cafolla &#8211; presidente del Forum Giovani SDP Rovigno&#8221; image=&#8221;https:\/\/mariablazina.hr\/wp-content\/uploads\/2025\/05\/6.png&#8221; content_max_width=&#8221;1100px&#8221; _builder_version=&#8221;4.27.4&#8243; _module_preset=&#8221;default&#8221; header_level=&#8221;h2&#8243; header_font=&#8221;||||||||&#8221; header_font_size=&#8221;21px&#8221; background_enable_color=&#8221;off&#8221; background_enable_image=&#8221;off&#8221; background_blend=&#8221;overlay&#8221; border_radii_last_edited=&#8221;off|desktop&#8221; global_colors_info=&#8221;{}&#8221;]<\/p>\n<p><b><i>\u201eIl cambiamento sociale non \u00e8 un privilegio delle generazioni passate, \u00e8 una sfida che i giovani devono accettare adesso.\u201c<\/i><\/b><\/p>\n<p><\/p>\n<p><span style=\"font-weight: 400;\">Rappresentante della nuova generazione che pensa in modo globale e agisce localmente.<\/span><span style=\"font-weight: 400;\"><br \/><\/span><span style=\"font-weight: 400;\"> Nato nel 1999, Nereo Cafolla \u00e8 studente di storia e filosofia all\u2019Universit\u00e0 di Trieste. Dal 2022 \u00e8 attivamente coinvolto nella vita politica di Rovigno come membro del Comitato cittadino del SDP.<\/span><\/p>\n<p><\/p>\n<p><span style=\"font-weight: 400;\">Partecipando alla Scuola di giustizia sociale della Fondazione Friedrich Ebert a Zagabria, ha ulteriormente sviluppato la comprensione dei processi sociali e politici fondamentali.<\/span><\/p>\n<p><\/p>\n<p><span style=\"font-weight: 400;\">Parla fluentemente italiano, croato, inglese, tedesco e russo, il che lo rende un promotore del dialogo e dei valori europei. La sua passione si riflette nell\u2019impegno per una societ\u00e0 giusta, nell\u2019uguaglianza dei diritti delle minoranze e nello sviluppo di politiche e infrastrutture culturali.<\/span><\/p>\n<p><\/p>\n<h3><b>Valori che difende<\/b><\/h3>\n<p><\/p>\n<ul>\n<li style=\"font-weight: 400;\" aria-level=\"1\"><span style=\"font-weight: 400;\">Apertura verso la diversit\u00e0<\/span><\/li>\n<li style=\"font-weight: 400;\" aria-level=\"1\"><span style=\"font-weight: 400;\">Coinvolgimento dei giovani nei processi decisionali<\/span><\/li>\n<li style=\"font-weight: 400;\" aria-level=\"1\"><span style=\"font-weight: 400;\">Sviluppo di infrastrutture per tutti, non solo per pochiApertura verso la diversit\u00e0<\/span><\/li>\n<li style=\"font-weight: 400;\" aria-level=\"1\"><span style=\"font-weight: 400;\">Coinvolgimento dei giovani nei processi decisionali<\/span><\/li>\n<li style=\"font-weight: 400;\" aria-level=\"1\"><span style=\"font-weight: 400;\">Sviluppo di infrastrutture per tutti, non solo per pochi<\/span><\/li>\n<\/ul>\n<p><\/p>\n<h3><b>Visione<\/b><\/h3>\n<p><\/p>\n<p><span style=\"font-weight: 400;\">\u201eUna Rovigno in cui i giovani non emigrano, ma restano perch\u00e9 vedono una possibilit\u00e0 per il futuro.\u201c<\/span><\/p>\n<p>[\/et_pb_blurb][\/et_pb_column][et_pb_column type=&#8221;1_3&#8243; _builder_version=&#8221;4.27.4&#8243; _module_preset=&#8221;default&#8221; global_colors_info=&#8221;{}&#8221;][et_pb_blurb title=&#8221;Marica Veggian &#8211; economista ed esperta di finanze pubbliche&#8221; image=&#8221;https:\/\/mariablazina.hr\/wp-content\/uploads\/2025\/05\/10.png&#8221; content_max_width=&#8221;1100px&#8221; _builder_version=&#8221;4.27.4&#8243; _module_preset=&#8221;default&#8221; header_level=&#8221;h2&#8243; header_font=&#8221;||||||||&#8221; header_font_size=&#8221;21px&#8221; background_enable_color=&#8221;off&#8221; background_enable_image=&#8221;off&#8221; background_blend=&#8221;overlay&#8221; border_radii_last_edited=&#8221;off|desktop&#8221; global_colors_info=&#8221;{}&#8221;]<\/p>\n<p><b><i>\u201eLa gestione responsabile del denaro significa pi\u00f9 per i cittadini: una sanit\u00e0 migliore, maggiore sicurezza e pi\u00f9 fiducia.\u201c<\/i><\/b><\/p>\n<p><\/p>\n<p><span style=\"font-weight: 400;\">Finanze. Responsabilit\u00e0. Famiglia.<\/span><span style=\"font-weight: 400;\"><br \/><\/span>Nata a Pola, oggi rovignese per scelta e per cuore. Marica Veggian \u00e8 un\u2019economista con oltre 19 anni di esperienza negli Istituti sanitari dell\u2019Istria, dove ha lavorato come assistente del direttore per la gestione finanziaria e responsabile del servizio chiave per la contabilit\u00e0 e la pianificazione.<\/p>\n<p><\/p>\n<p><span style=\"font-weight: 400;\">Il suo percorso professionale \u00e8 stato segnato dalla responsabilit\u00e0 nella gestione della contabilit\u00e0 pubblica, dove precisione, trasparenza e pianificazione facevano parte della quotidianit\u00e0.<\/span><\/p>\n<p><\/p>\n<p><span style=\"font-weight: 400;\">Dopo il pensionamento, Marica si dedica a ci\u00f2 che ha sempre amato: uno stile di vita attivo e la famiglia. Trascorre il tempo libero camminando, facendo escursioni, sport, yoga e, soprattutto, con la nipotina, che considera il suo hobby pi\u00f9 grande.<\/span><\/p>\n<p><\/p>\n<h3><b>I suoi ambiti di azione<\/b><\/h3>\n<p><\/p>\n<ul>\n<li style=\"font-weight: 400;\" aria-level=\"1\"><span style=\"font-weight: 400;\">Gestione pubblica trasparente e responsabile delle finanze<\/span><\/li>\n<li style=\"font-weight: 400;\" aria-level=\"1\"><span style=\"font-weight: 400;\">Aumento dell\u2019efficienza del sistema sanitario pubblico<\/span><\/li>\n<li style=\"font-weight: 400;\" aria-level=\"1\"><span style=\"font-weight: 400;\">Sostegno alla solidariet\u00e0 sociale e al legame tra generazioni<\/span><\/li>\n<\/ul>\n<p><\/p>\n<h3><b>Messaggio alla comunit\u00e0<\/b><\/h3>\n<p><\/p>\n<p><span style=\"font-weight: 400;\">\u201eRovigno ha bisogno di pi\u00f9 responsabilit\u00e0 e meno promesse vuote.\u201c<\/span><\/p>\n<p>[\/et_pb_blurb][\/et_pb_column][\/et_pb_row][\/et_pb_section][et_pb_section fb_built=&#8221;1&#8243; next_background_color=&#8221;#ffffff&#8221; admin_label=&#8221;Quote&#8221; _builder_version=&#8221;4.27.4&#8243; background_color=&#8221;rgba(0,0,0,0.54)&#8221; background_image=&#8221;https:\/\/mariablazina.hr\/wp-content\/uploads\/2025\/04\/1000057499.jpg&#8221; background_position=&#8221;top_center&#8221; background_vertical_offset=&#8221;32%&#8221; background_blend=&#8221;overlay&#8221; custom_padding=&#8221;230px||230px||true|false&#8221; top_divider_style=&#8221;slant&#8221; top_divider_color=&#8221;#FFFFFF&#8221; top_divider_flip=&#8221;vertical&#8221; bottom_divider_style=&#8221;slant&#8221; bottom_divider_flip=&#8221;horizontal&#8221; global_colors_info=&#8221;{}&#8221;][et_pb_row _builder_version=&#8221;4.27.4&#8243; width_tablet=&#8221;&#8221; width_phone=&#8221;90%&#8221; width_last_edited=&#8221;on|phone&#8221; global_colors_info=&#8221;{}&#8221;][et_pb_column type=&#8221;4_4&#8243; admin_label=&#8221;Column&#8221; _builder_version=&#8221;4.16&#8243; custom_padding=&#8221;|||&#8221; global_colors_info=&#8221;{}&#8221; custom_padding__hover=&#8221;|||&#8221;][et_pb_text _builder_version=&#8221;4.27.4&#8243; text_font=&#8221;FrutigerBol|||on|||||&#8221; text_text_color=&#8221;#ffffff&#8221; text_font_size=&#8221;45px&#8221; text_line_height=&#8221;1.3em&#8221; header_font=&#8221;||||||||&#8221; text_orientation=&#8221;center&#8221; max_width=&#8221;1200px&#8221; module_alignment=&#8221;center&#8221; custom_margin=&#8221;||10px|||&#8221; animation_style=&#8221;slide&#8221; animation_direction=&#8221;bottom&#8221; animation_intensity_slide=&#8221;15%&#8221; text_font_size_tablet=&#8221;36px&#8221; text_font_size_phone=&#8221;35px&#8221; text_font_size_last_edited=&#8221;on|phone&#8221; global_colors_info=&#8221;{}&#8221;]<\/p>\n<p>Per una Rovigno che si prende cura delle persone, non solo dei numeri.<\/p>\n<p>[\/et_pb_text][et_pb_image src=&#8221;https:\/\/mariablazina.hr\/wp-content\/uploads\/2025\/02\/sdp.png&#8221; title_text=&#8221;sdp&#8221; disabled_on=&#8221;on|on|on&#8221; module_class=&#8221;fixed-image&#8221; _builder_version=&#8221;4.27.4&#8243; _module_preset=&#8221;default&#8221; transform_scale_tablet=&#8221;&#8221; transform_scale_phone=&#8221;&#8221; transform_scale_last_edited=&#8221;on|phone&#8221; transform_translate_tablet=&#8221;&#8221; transform_translate_phone=&#8221;-100px|0px&#8221; transform_translate_last_edited=&#8221;on|phone&#8221; transform_translate_linked_phone=&#8221;off&#8221; transform_rotate_tablet=&#8221;&#8221; transform_rotate_phone=&#8221;&#8221; transform_rotate_last_edited=&#8221;on|phone&#8221; transform_skew_tablet=&#8221;&#8221; transform_skew_phone=&#8221;&#8221; transform_skew_last_edited=&#8221;on|phone&#8221; transform_origin_tablet=&#8221;&#8221; transform_origin_phone=&#8221;&#8221; transform_origin_last_edited=&#8221;on|phone&#8221; transform_styles_last_edited=&#8221;on|phone&#8221; positioning=&#8221;fixed&#8221; position_origin_f=&#8221;center_right&#8221; horizontal_offset=&#8221;-150px&#8221; z_index=&#8221;500&#8243; width_tablet=&#8221;&#8221; width_phone=&#8221;50%&#8221; width_last_edited=&#8221;on|phone&#8221; transform_styles_tablet=&#8221;&#8221; transform_styles_phone=&#8221;&#8221; disabled=&#8221;on&#8221; global_colors_info=&#8221;{}&#8221;][\/et_pb_image][\/et_pb_column][\/et_pb_row][\/et_pb_section][et_pb_section fb_built=&#8221;1&#8243; _builder_version=&#8221;4.27.4&#8243; _module_preset=&#8221;default&#8221; global_colors_info=&#8221;{}&#8221;][et_pb_row column_structure=&#8221;1_3,1_3,1_3&#8243; use_custom_gutter=&#8221;on&#8221; gutter_width=&#8221;2&#8243; _builder_version=&#8221;4.27.4&#8243; _module_preset=&#8221;default&#8221; width=&#8221;95%&#8221; max_width=&#8221;100%&#8221; global_colors_info=&#8221;{}&#8221;][et_pb_column type=&#8221;1_3&#8243; _builder_version=&#8221;4.27.4&#8243; _module_preset=&#8221;default&#8221; global_colors_info=&#8221;{}&#8221;][et_pb_blurb title=&#8221;Denis Brajnovi\u0107 &#8211; grafico e rappresentante sindacale&#8221; image=&#8221;https:\/\/mariablazina.hr\/wp-content\/uploads\/2025\/05\/4.png&#8221; content_max_width=&#8221;1100px&#8221; _builder_version=&#8221;4.27.4&#8243; _module_preset=&#8221;default&#8221; header_level=&#8221;h2&#8243; header_font=&#8221;||||||||&#8221; header_font_size=&#8221;21px&#8221; background_enable_color=&#8221;off&#8221; background_enable_image=&#8221;off&#8221; background_blend=&#8221;overlay&#8221; border_radii_last_edited=&#8221;off|desktop&#8221; global_colors_info=&#8221;{}&#8221;]<\/p>\n<p><strong><i>\u201eMi impegner\u00f2 per la giustizia e per dare voce ai lavoratori, una voce che troppo spesso non si sente abbastanza forte.\u201c<\/i><\/strong><\/p>\n<p><\/p>\n<p>Nato nel 1965 a Villa di Rovigno , ha dedicato tutta la vita al lavoro e alla famiglia. Denis lavora nella tipografia GPI Istra (ex Istragrafika), dove ogni giorno trova l\u2019equilibrio tra il lavoro e la lotta per i diritti dei lavoratori.<\/p>\n<p><\/p>\n<p><span style=\"font-weight: 400;\">Come presidente della sezione sindacale e del consiglio dei lavoratori, da oltre 15 anni rappresenta con determinazione i lavoratori. La sua voce \u00e8 espressione di perseveranza, responsabilit\u00e0 e desiderio di condizioni di lavoro migliori e pi\u00f9 giuste, non solo nella sua azienda, ma anche a livello nazionale, come membro della presidenza del sindacato dei grafici e dei media della Croazia.<\/span><\/p>\n<p><\/p>\n<p><span style=\"font-weight: 400;\">\u00c8 membro attivo del SDP Rovigno-Rovinj e del Comitato cittadino. \u00c8 entrato in politica per lo stesso motivo per cui \u00e8 entrato nel sindacato: perch\u00e9 sa che i diritti non vengono concessi, ma conquistati con la lotta.\u00a0<\/span><\/p>\n<p><\/p>\n<h3><b>Cosa lo motiva?<\/b><\/h3>\n<p><\/p>\n<ul>\n<li style=\"font-weight: 400;\" aria-level=\"1\"><span style=\"font-weight: 400;\">La lotta per i diritti e la dignit\u00e0 dei lavoratori<\/span><\/li>\n<li style=\"font-weight: 400;\" aria-level=\"1\"><span style=\"font-weight: 400;\">L\u2019uguaglianza e la giustizia nella vita quotidiana<\/span><\/li>\n<li style=\"font-weight: 400;\" aria-level=\"1\"><span style=\"font-weight: 400;\">La solidariet\u00e0 e lo spirito di comunit\u00e0<\/span><\/li>\n<\/ul>\n<p><\/p>\n<h3><b>Quando non lavora, lo si pu\u00f2 trovare<\/b><\/h3>\n<p><\/p>\n<ul>\n<li style=\"font-weight: 400;\" aria-level=\"1\"><span style=\"font-weight: 400;\">In palestra, su un campo da calcio o a passeggio con i cani<\/span><\/li>\n<li style=\"font-weight: 400;\" aria-level=\"1\"><span style=\"font-weight: 400;\">Con buona musica e ancora migliore compagnia<\/span><\/li>\n<\/ul>\n<p>[\/et_pb_blurb][\/et_pb_column][et_pb_column type=&#8221;1_3&#8243; _builder_version=&#8221;4.27.4&#8243; _module_preset=&#8221;default&#8221; global_colors_info=&#8221;{}&#8221;][et_pb_blurb title=&#8221;Mag. hist. et philol. croat. Olja Fazlovi\u0107&#8221; image=&#8221;https:\/\/mariablazina.hr\/wp-content\/uploads\/2025\/05\/5.png&#8221; content_max_width=&#8221;1100px&#8221; _builder_version=&#8221;4.27.4&#8243; _module_preset=&#8221;default&#8221; header_level=&#8221;h2&#8243; header_font=&#8221;||||||||&#8221; header_font_size=&#8221;21px&#8221; background_enable_color=&#8221;off&#8221; background_enable_image=&#8221;off&#8221; background_blend=&#8221;overlay&#8221; hover_enabled=&#8221;0&#8243; border_radii_last_edited=&#8221;off|desktop&#8221; global_colors_info=&#8221;{}&#8221; sticky_enabled=&#8221;0&#8243;]<\/p>\n<p><b><i>\u201eL\u2019istruzione non \u00e8 una spesa, ma un investimento nel futuro di una societ\u00e0 che sa chi \u00e8, dove sta andando e perch\u00e9 \u00e8 importante ricordare.\u201c<\/i><\/b><\/p>\n<p><\/p>\n<p><b>Storica, linguista e convinta sostenitrice dell\u2019istruzione e dei valori antifascisti.<\/b><b><br \/><\/b><span style=\"font-weight: 400;\">Nata nel 1987 a Pola, Olja Fazlovi\u0107 si \u00e8 laureata in storia e lingua e letteratura croata presso l\u2019Universit\u00e0 Juraj Dobrila di Pola. Ha costruito il suo percorso professionale lavorando nelle scuole primarie e secondarie, dove ha acquisito una ricca esperienza nel sistema educativo.<\/span><\/p>\n<p><\/p>\n<p>Si occupa sistematicamente delle politiche nell&#8217;ambito dell&#8217;educazione e dell&#8217;istruzione; il fulcro del suo interesse di ricerca \u00e8 il revisionismo storico e sottolinea con forza l&#8217;importanza della conservazione e della promozione dei valori antifascisti nella societ\u00e0.<\/p>\n<p><\/p>\n<p><span style=\"font-weight: 400;\">\u00c8 membro del SDP e segretaria dell\u2019Organizzazione cittadina SDP Rovigno-Rovinj, dove contribuisce allo sviluppo delle linee politiche e al supporto operativo dell\u2019attivit\u00e0 del partito.<\/span><\/p>\n<p><\/p>\n<h3><b>Cosa la motiva?<\/b><\/h3>\n<p><\/p>\n<ul>\n<li style=\"font-weight: 400;\" aria-level=\"1\"><span style=\"font-weight: 400;\">Educazione pubblica e accessibile a tutti<\/span><\/li>\n<li style=\"font-weight: 400;\" aria-level=\"1\"><span style=\"font-weight: 400;\">Tutela degli standard educativi e della professione docente<\/span><\/li>\n<\/ul>\n<p><\/p>\n<h3><b>Motto di vita<\/b><\/h3>\n<p><\/p>\n<p><span style=\"font-weight: 400;\">\u201eInsegnare significa plasmare il futuro.\u201c<\/span><\/p>\n<p>[\/et_pb_blurb][\/et_pb_column][et_pb_column type=&#8221;1_3&#8243; _builder_version=&#8221;4.27.4&#8243; _module_preset=&#8221;default&#8221; global_colors_info=&#8221;{}&#8221;][et_pb_blurb title=&#8221;Damir Ga\u0161pi\u0107 &#8211; economista e rappresentante sindacale&#8221; image=&#8221;https:\/\/mariablazina.hr\/wp-content\/uploads\/2025\/05\/13.png&#8221; content_max_width=&#8221;1100px&#8221; _builder_version=&#8221;4.27.4&#8243; _module_preset=&#8221;default&#8221; header_level=&#8221;h2&#8243; header_font=&#8221;||||||||&#8221; header_font_size=&#8221;21px&#8221; background_enable_color=&#8221;off&#8221; background_enable_image=&#8221;off&#8221; background_blend=&#8221;overlay&#8221; border_radii_last_edited=&#8221;off|desktop&#8221; global_colors_info=&#8221;{}&#8221;]<\/p>\n<p><b><i>\u201eQuando comprendi le persone, sai anche per cosa vale la pena lottare.\u201c<\/i><\/b><\/p>\n<p><\/p>\n<p><span style=\"font-weight: 400;\">Per i diritti dei lavoratori, per una societ\u00e0 giusta.<\/span><span style=\"font-weight: 400;\"><br \/><\/span><span style=\"font-weight: 400;\">Nato a Rovigno, Damir Ga\u0161pi\u0107 ha dedicato tutta la sua vita alla comunit\u00e0 in cui \u00e8 cresciuto. Economista di formazione, ha costruito la maggior parte della sua carriera nel settore del marketing e delle vendite, ed \u00e8 oggi presidente del consiglio dei lavoratori e rappresentante sindacale in una grande azienda con oltre 2000 dipendenti.<\/span><\/p>\n<p><\/p>\n<p><span style=\"font-weight: 400;\">Nel contatto quotidiano con i lavoratori ha imparato cosa significa ascoltare, comprendere e agire \u2014 non solo a parole, ma in situazioni concrete. La sua lotta per i diritti dei lavoratori nasce da una profonda convinzione nella giustizia sociale, nella responsabilit\u00e0 e nell\u2019etica professionale.<\/span><\/p>\n<p><\/p>\n<p><span style=\"font-weight: 400;\">Nella vita privata ama un ritmo tranquillo; coltivare l\u2019orto e stare nella natura gli permettono di restare in contatto con i veri valori: salute, autosufficienza e sostenibilit\u00e0.<\/span><\/p>\n<p><\/p>\n<h3><b>I suoi ambiti principali di impegno<\/b><\/h3>\n<p><\/p>\n<ul>\n<li style=\"font-weight: 400;\" aria-level=\"1\"><span style=\"font-weight: 400;\">Tutela dei diritti dei lavoratori e della sicurezza sul lavoro<\/span><\/li>\n<li style=\"font-weight: 400;\" aria-level=\"1\"><span style=\"font-weight: 400;\">Impegno per salari equi e condizioni lavorative dignitose<\/span><\/li>\n<li style=\"font-weight: 400;\" aria-level=\"1\"><span style=\"font-weight: 400;\">Sostegno a pratiche sostenibili nella vita quotidiana e nel lavoro<\/span><\/li>\n<\/ul>\n<p><\/p>\n<h3><b>Messaggio alla comunit\u00e0<\/b><\/h3>\n<p><\/p>\n<p><span style=\"font-weight: 400;\">\u201eIl cambiamento inizia quando smettiamo di guardare solo i numeri e iniziamo ad ascoltare le persone.\u201c<\/span><\/p>\n<p>[\/et_pb_blurb][\/et_pb_column][\/et_pb_row][\/et_pb_section][et_pb_section fb_built=&#8221;1&#8243; next_background_color=&#8221;#ffffff&#8221; admin_label=&#8221;Quote&#8221; _builder_version=&#8221;4.27.4&#8243; background_color=&#8221;rgba(0,0,0,0.54)&#8221; background_image=&#8221;https:\/\/mariablazina.hr\/wp-content\/uploads\/2025\/04\/1000057520.jpg&#8221; background_position=&#8221;top_center&#8221; background_vertical_offset=&#8221;32%&#8221; background_blend=&#8221;overlay&#8221; custom_padding=&#8221;230px||230px||true|false&#8221; top_divider_style=&#8221;slant&#8221; top_divider_color=&#8221;#FFFFFF&#8221; top_divider_flip=&#8221;vertical&#8221; bottom_divider_style=&#8221;slant&#8221; bottom_divider_flip=&#8221;horizontal&#8221; global_colors_info=&#8221;{}&#8221;][et_pb_row _builder_version=&#8221;4.16&#8243; global_colors_info=&#8221;{}&#8221;][et_pb_column type=&#8221;4_4&#8243; admin_label=&#8221;Column&#8221; _builder_version=&#8221;4.16&#8243; custom_padding=&#8221;|||&#8221; global_colors_info=&#8221;{}&#8221; custom_padding__hover=&#8221;|||&#8221;][et_pb_text _builder_version=&#8221;4.27.4&#8243; text_font=&#8221;FrutigerBol|||on|||||&#8221; text_text_color=&#8221;#ffffff&#8221; text_font_size=&#8221;45px&#8221; text_line_height=&#8221;1.3em&#8221; header_font=&#8221;||||||||&#8221; text_orientation=&#8221;center&#8221; max_width=&#8221;1200px&#8221; module_alignment=&#8221;center&#8221; custom_margin=&#8221;||10px|||&#8221; animation_style=&#8221;slide&#8221; animation_direction=&#8221;bottom&#8221; animation_intensity_slide=&#8221;15%&#8221; text_font_size_tablet=&#8221;36px&#8221; text_font_size_phone=&#8221;35px&#8221; text_font_size_last_edited=&#8221;on|phone&#8221; global_colors_info=&#8221;{}&#8221;]<\/p>\n<p>Meritiamo una Rovigno in cui i giovani restano perch\u00e9 vedono il loro futuro.<\/p>\n<p>[\/et_pb_text][et_pb_image src=&#8221;https:\/\/mariablazina.hr\/wp-content\/uploads\/2025\/02\/sdp.png&#8221; title_text=&#8221;sdp&#8221; disabled_on=&#8221;on|on|on&#8221; module_class=&#8221;fixed-image&#8221; _builder_version=&#8221;4.27.4&#8243; _module_preset=&#8221;default&#8221; transform_scale_tablet=&#8221;&#8221; transform_scale_phone=&#8221;&#8221; transform_scale_last_edited=&#8221;on|phone&#8221; transform_translate_tablet=&#8221;&#8221; transform_translate_phone=&#8221;-100px|0px&#8221; transform_translate_last_edited=&#8221;on|phone&#8221; transform_translate_linked_phone=&#8221;off&#8221; transform_rotate_tablet=&#8221;&#8221; transform_rotate_phone=&#8221;&#8221; transform_rotate_last_edited=&#8221;on|phone&#8221; transform_skew_tablet=&#8221;&#8221; transform_skew_phone=&#8221;&#8221; transform_skew_last_edited=&#8221;on|phone&#8221; transform_origin_tablet=&#8221;&#8221; transform_origin_phone=&#8221;&#8221; transform_origin_last_edited=&#8221;on|phone&#8221; transform_styles_last_edited=&#8221;on|phone&#8221; positioning=&#8221;fixed&#8221; position_origin_f=&#8221;center_right&#8221; horizontal_offset=&#8221;-150px&#8221; z_index=&#8221;500&#8243; width_tablet=&#8221;&#8221; width_phone=&#8221;50%&#8221; width_last_edited=&#8221;on|phone&#8221; transform_styles_tablet=&#8221;&#8221; transform_styles_phone=&#8221;&#8221; disabled=&#8221;on&#8221; global_colors_info=&#8221;{}&#8221;][\/et_pb_image][\/et_pb_column][\/et_pb_row][\/et_pb_section][et_pb_section fb_built=&#8221;1&#8243; _builder_version=&#8221;4.27.4&#8243; _module_preset=&#8221;default&#8221; global_colors_info=&#8221;{}&#8221;][et_pb_row column_structure=&#8221;1_3,1_3,1_3&#8243; use_custom_gutter=&#8221;on&#8221; gutter_width=&#8221;2&#8243; _builder_version=&#8221;4.27.4&#8243; _module_preset=&#8221;default&#8221; width=&#8221;95%&#8221; max_width=&#8221;100%&#8221; global_colors_info=&#8221;{}&#8221;][et_pb_column type=&#8221;1_3&#8243; _builder_version=&#8221;4.27.4&#8243; _module_preset=&#8221;default&#8221; global_colors_info=&#8221;{}&#8221;][et_pb_blurb title=&#8221;Zoran Be\u0161eni\u0107 &#8211; imprenditore ed economista&#8221; image=&#8221;https:\/\/mariablazina.hr\/wp-content\/uploads\/2025\/05\/11.png&#8221; content_max_width=&#8221;1100px&#8221; _builder_version=&#8221;4.27.4&#8243; _module_preset=&#8221;default&#8221; header_level=&#8221;h2&#8243; header_font=&#8221;||||||||&#8221; header_font_size=&#8221;21px&#8221; background_enable_color=&#8221;off&#8221; background_enable_image=&#8221;off&#8221; background_blend=&#8221;overlay&#8221; border_radii_last_edited=&#8221;off|desktop&#8221; global_colors_info=&#8221;{}&#8221;]<\/p>\n<p><b><i>\u201eL\u2019economia in crescita deve essere motore della qualit\u00e0 della vita, non fonte di disuguaglianze sociali.\u201c<\/i><\/b><\/p>\n<p><\/p>\n<p><span style=\"font-weight: 400;\">Esperienza. Visione. Impegno.<\/span><span style=\"font-weight: 400;\"><br \/><\/span><span style=\"font-weight: 400;\">Nato nel 1974 a Zagabria, Zoran Be\u0161eni\u0107 \u00e8 un economista laureato in Scienze Internazionali ed Economia in Italia. Sta inoltre completando un master in management. Dopo varie posizioni manageriali nel settore vendite, dal 2006 gestisce la propria azienda.<\/span><\/p>\n<p><\/p>\n<p><span style=\"font-weight: 400;\">Alla sua esperienza imprenditoriale si affianca l\u2019impegno politico: \u00e8 stato consigliere comunale, presidente del Comitato per l\u2019economia, membro del Comitato centrale del SDP e attualmente \u00e8 attivo come membro del Comitato per la protezione civile.<\/span><\/p>\n<p><\/p>\n<p><span style=\"font-weight: 400;\">Zoran conosce bene la dinamica del mercato locale e internazionale, ma anche l\u2019importanza di uno sviluppo equilibrato che porti benefici a tutti i cittadini, non solo a pochi.<\/span><\/p>\n<p><\/p>\n<h3><b>I suoi ambiti di azione<\/b><\/h3>\n<p><\/p>\n<ul>\n<li style=\"font-weight: 400;\" aria-level=\"1\"><span style=\"font-weight: 400;\">Sviluppo sostenibile del turismo e dell\u2019economia<\/span><\/li>\n<li style=\"font-weight: 400;\" aria-level=\"1\"><span style=\"font-weight: 400;\">Promozione delle piccole e medie imprese<\/span><\/li>\n<li style=\"font-weight: 400;\" aria-level=\"1\"><span style=\"font-weight: 400;\">Rafforzamento della protezione civile e della resilienza della comunit\u00e0<\/span><\/li>\n<\/ul>\n<p><\/p>\n<h3><b>Messaggio alla comunit\u00e0<\/b><\/h3>\n<p><\/p>\n<p><span style=\"font-weight: 400;\">\u201eL\u2019economia deve servire le persone, non il contrario.\u201c<\/span><\/p>\n<p>[\/et_pb_blurb][\/et_pb_column][et_pb_column type=&#8221;1_3&#8243; _builder_version=&#8221;4.27.4&#8243; _module_preset=&#8221;default&#8221; global_colors_info=&#8221;{}&#8221;][et_pb_blurb title=&#8221;Roberta Papucci &#8211; ambasciatrice della salute e madre di due figli&#8221; image=&#8221;https:\/\/mariablazina.hr\/wp-content\/uploads\/2025\/05\/14.png&#8221; content_max_width=&#8221;1100px&#8221; _builder_version=&#8221;4.27.4&#8243; _module_preset=&#8221;default&#8221; header_level=&#8221;h2&#8243; header_font=&#8221;||||||||&#8221; header_font_size=&#8221;21px&#8221; background_enable_color=&#8221;off&#8221; background_enable_image=&#8221;off&#8221; background_blend=&#8221;overlay&#8221; border_radii_last_edited=&#8221;off|desktop&#8221; global_colors_info=&#8221;{}&#8221;]<\/p>\n<p><b><i>\u201eRovigno deve rimanere una citt\u00e0 in cui i bambini abbiano qualcosa a cui aspirare.\u201c<\/i><\/b><\/p>\n<p><\/p>\n<p><span style=\"font-weight: 400;\">Locale, responsabile e impegnata.<\/span><span style=\"font-weight: 400;\"><br \/><\/span><span style=\"font-weight: 400;\">Nata a Pola, cresciuta e formata a Rovigno, Roberta ha scelto di restare nella sua citt\u00e0, viverci, crescere i propri figli e partecipare attivamente alla creazione di una comunit\u00e0 in cui regni l\u2019equilibrio tra natura, turismo e qualit\u00e0 della vita.<\/span><\/p>\n<p><\/p>\n<p><span style=\"font-weight: 400;\">Attualmente lavora presso l\u2019azienda DM, dove \u00e8 anche ambasciatrice della salute per la filiale di Rovigno. Con la sua presenza rappresenta responsabilit\u00e0, uno stile di vita sano e dedizione alla famiglia.<\/span><\/p>\n<p><\/p>\n<p><span style=\"font-weight: 400;\">Roberta \u00e8 convinta che Rovigno debba continuare a essere un campione \u2014 ma un campione in sostenibilit\u00e0, salute, ambiente pulito e opportunit\u00e0 per i giovani. Si impegna per la tutela del patrimonio naturale, lo sviluppo degli agricoltori locali (OPG) e delle strutture sportive, e per garantire ai nostri figli condizioni di vita migliori delle nostre.<\/span><\/p>\n<p><\/p>\n<h3><b>Cosa rappresenta Roberta<\/b><\/h3>\n<p><\/p>\n<ul>\n<li style=\"font-weight: 400;\" aria-level=\"1\"><span style=\"font-weight: 400;\">Tutela rigorosa della natura e dell\u2019ambiente<\/span><\/li>\n<li style=\"font-weight: 400;\" aria-level=\"1\"><span style=\"font-weight: 400;\">Promozione dello sport, della ricreazione e di uno stile di vita sano<\/span><\/li>\n<li style=\"font-weight: 400;\" aria-level=\"1\"><span style=\"font-weight: 400;\">Sviluppo della produzione locale e delle aziende agricole familiari<\/span><\/li>\n<li style=\"font-weight: 400;\" aria-level=\"1\"><span style=\"font-weight: 400;\">Una citt\u00e0 che resta pulita, ordinata e giusta per tutte le generazioni<\/span><\/li>\n<\/ul>\n<p><\/p>\n<h3><b>Messaggio alla comunit\u00e0<\/b><\/h3>\n<p><\/p>\n<p><span style=\"font-weight: 400;\">\u201eNon costruiamo Rovigno per i turisti, lo costruiamo per i nostri figli.\u201c<\/span><\/p>\n<p>[\/et_pb_blurb][\/et_pb_column][et_pb_column type=&#8221;1_3&#8243; _builder_version=&#8221;4.27.4&#8243; _module_preset=&#8221;default&#8221; global_colors_info=&#8221;{}&#8221;][et_pb_blurb title=&#8221;Petar Radeti\u0107 &#8211; pensionato, esperto di turismo e amministrazione&#8221; image=&#8221;https:\/\/mariablazina.hr\/wp-content\/uploads\/2025\/05\/7.png&#8221; content_max_width=&#8221;1100px&#8221; _builder_version=&#8221;4.27.4&#8243; _module_preset=&#8221;default&#8221; header_level=&#8221;h2&#8243; header_font=&#8221;||||||||&#8221; header_font_size=&#8221;21px&#8221; background_enable_color=&#8221;off&#8221; background_enable_image=&#8221;off&#8221; background_blend=&#8221;overlay&#8221; border_radii_last_edited=&#8221;off|desktop&#8221; global_colors_info=&#8221;{}&#8221;]<\/p>\n<p><b><i>\u201eLa citt\u00e0 si amministra con responsabilit\u00e0, competenza, esperienza e rispetto per le persone.\u201c<\/i><\/b><\/p>\n<p><\/p>\n<p><span style=\"font-weight: 400;\">L\u2019esperienza che rafforza il team.<\/span><span style=\"font-weight: 400;\"><br \/><\/span><span style=\"font-weight: 400;\">Petar Radeti\u0107 ha completato la scuola alberghiera e la Facolt\u00e0 di gestione alberghiera. Ha costruito la sua carriera attraverso decenni di lavoro nel settore economico, principalmente nel turismo, e nella pubblica amministrazione. Ha ricoperto numerosi ruoli dirigenziali e tecnici, non solo come professionista, ma anche attraverso l\u2019impegno volontario e politico a livello cittadino e della Regione Istriana.<\/span><\/p>\n<p><\/p>\n<p><span style=\"font-weight: 400;\">Oggi \u00e8 membro attivo dell\u2019organizzazione cittadina e del Comitato cittadino del SDP Rovigno-Rovinj, dove contribuisce in modo significativo con la sua competenza ed esperienza.<\/span><\/p>\n<p><\/p>\n<h3><b>Valori che rappresenta<\/b><\/h3>\n<p><\/p>\n<ul>\n<li style=\"font-weight: 400;\" aria-level=\"1\"><span style=\"font-weight: 400;\">Etica del lavoro e senso di responsabilit\u00e0<\/span><\/li>\n<li style=\"font-weight: 400;\" aria-level=\"1\"><span style=\"font-weight: 400;\">Equilibrio tra esperienza e razionalit\u00e0<\/span><\/li>\n<li style=\"font-weight: 400;\" aria-level=\"1\"><span style=\"font-weight: 400;\">Gestione equa delle risorse pubbliche<\/span><\/li>\n<\/ul>\n<p><\/p>\n<h3><b>Visione<\/b><\/h3>\n<p><\/p>\n<p><span style=\"font-weight: 400;\">\u201eUn Rovigno che rispetta tutte le generazioni e sa valorizzare il sapere dei suoi cittadini.\u201c<\/span><\/p>\n<p>[\/et_pb_blurb][\/et_pb_column][\/et_pb_row][\/et_pb_section][et_pb_section fb_built=&#8221;1&#8243; custom_padding_last_edited=&#8221;on|phone&#8221; admin_label=&#8221;Quote&#8221; _builder_version=&#8221;4.27.4&#8243; background_enable_color=&#8221;off&#8221; background_enable_image=&#8221;off&#8221; background_position=&#8221;top_center&#8221; background_vertical_offset=&#8221;32%&#8221; background_blend=&#8221;overlay&#8221; custom_padding=&#8221;19px||105px||false|false&#8221; custom_padding_tablet=&#8221;19px||105px||false|false&#8221; custom_padding_phone=&#8221;0px||0px||false|false&#8221; top_divider_color=&#8221;#FFFFFF&#8221; top_divider_flip=&#8221;vertical&#8221; bottom_divider_flip=&#8221;horizontal&#8221; global_colors_info=&#8221;{}&#8221;][et_pb_row _builder_version=&#8221;4.27.4&#8243; width=&#8221;72%&#8221; width_tablet=&#8221;72%&#8221; width_phone=&#8221;95%&#8221; width_last_edited=&#8221;on|phone&#8221; max_width=&#8221;100%&#8221; max_width_tablet=&#8221;100%&#8221; max_width_phone=&#8221;100%&#8221; max_width_last_edited=&#8221;on|phone&#8221; global_colors_info=&#8221;{}&#8221;][et_pb_column type=&#8221;4_4&#8243; admin_label=&#8221;Column&#8221; _builder_version=&#8221;4.16&#8243; custom_padding=&#8221;|||&#8221; global_colors_info=&#8221;{}&#8221; custom_padding__hover=&#8221;|||&#8221;][et_pb_cta title=&#8221;\u00c8 tempo per una Rovigno che rispetta l\u2019uomo, protegge la natura e costruisce una societ\u00e0 giusta.&#8221; button_url=&#8221;https:\/\/mariablazina.hr\/it\/programma\/&#8221; button_text=&#8221;Leggi il programma&#8221; _builder_version=&#8221;4.27.4&#8243; _module_preset=&#8221;default&#8221; header_font=&#8221;|||on|||||&#8221; header_text_color=&#8221;#D7162F&#8221; header_font_size=&#8221;50px&#8221; body_text_color=&#8221;#757575&#8243; body_font_size=&#8221;25px&#8221; background_enable_color=&#8221;off&#8221; custom_button=&#8221;on&#8221; button_text_size=&#8221;20px&#8221; button_bg_color=&#8221;#D7162F&#8221; button_border_color=&#8221;#D7162F&#8221; button_use_icon=&#8221;off&#8221; button_custom_padding=&#8221;10px|40px|10px|40px|true|true&#8221; custom_padding_tablet=&#8221;&#8221; custom_padding_phone=&#8221;|0px||0px|false|true&#8221; custom_padding_last_edited=&#8221;on|phone&#8221; header_font_size_tablet=&#8221;50px&#8221; header_font_size_phone=&#8221;30px&#8221; header_font_size_last_edited=&#8221;on|phone&#8221; body_font_size_tablet=&#8221;25px&#8221; body_font_size_phone=&#8221;18px&#8221; body_font_size_last_edited=&#8221;on|phone&#8221; button_text_size_tablet=&#8221;20px&#8221; button_text_size_phone=&#8221;16px&#8221; button_text_size_last_edited=&#8221;on|phone&#8221; global_colors_info=&#8221;{}&#8221;]<\/p>\n<p>Insieme costruiremo una citt\u00e0 in cui ognuno ha una possibilit\u00e0, senza privilegiati, senza scuse.<br data-start=\"376\" data-end=\"379\" \/>Conosci il mio programma e scegli con responsabilit\u00e0.<\/p>\n<p>[\/et_pb_cta][et_pb_image src=&#8221;https:\/\/mariablazina.hr\/wp-content\/uploads\/2025\/02\/sdp.png&#8221; title_text=&#8221;sdp&#8221; disabled_on=&#8221;on|on|on&#8221; module_class=&#8221;fixed-image&#8221; _builder_version=&#8221;4.27.4&#8243; _module_preset=&#8221;default&#8221; transform_scale_tablet=&#8221;&#8221; transform_scale_phone=&#8221;&#8221; transform_scale_last_edited=&#8221;on|phone&#8221; transform_translate_tablet=&#8221;&#8221; transform_translate_phone=&#8221;-100px|0px&#8221; transform_translate_last_edited=&#8221;on|phone&#8221; transform_translate_linked_phone=&#8221;off&#8221; transform_rotate_tablet=&#8221;&#8221; transform_rotate_phone=&#8221;&#8221; transform_rotate_last_edited=&#8221;on|phone&#8221; transform_skew_tablet=&#8221;&#8221; transform_skew_phone=&#8221;&#8221; transform_skew_last_edited=&#8221;on|phone&#8221; transform_origin_tablet=&#8221;&#8221; transform_origin_phone=&#8221;&#8221; transform_origin_last_edited=&#8221;on|phone&#8221; transform_styles_last_edited=&#8221;on|phone&#8221; positioning=&#8221;fixed&#8221; position_origin_f=&#8221;center_right&#8221; horizontal_offset=&#8221;-150px&#8221; z_index=&#8221;500&#8243; width_tablet=&#8221;&#8221; width_phone=&#8221;50%&#8221; width_last_edited=&#8221;on|phone&#8221; transform_styles_tablet=&#8221;&#8221; transform_styles_phone=&#8221;&#8221; disabled=&#8221;on&#8221; global_colors_info=&#8221;{}&#8221;][\/et_pb_image][\/et_pb_column][\/et_pb_row][\/et_pb_section]<\/p>\n","protected":false},"excerpt":{"rendered":"<p>Lista per il Consiglio Comunale\u201eLa scienza mi ha insegnato come risolvere i problemi. La vita a Rovigno mi ha insegnato perch\u00e9 \u00e8 importante non arrendersi.\u201cSono dottoressa in scienze marine e dirigo il laboratorio presso l&amp;#39;Istituto Ru\u0111er Bo\u0161kovi\u0107. Da anni studio l\u2019impatto dei cambiamenti climatici sull\u2019Adriatico. Nel lavoro scientifico, come nella vita, credo nei dati, nella [&hellip;]<\/p>\n","protected":false},"author":1,"featured_media":0,"parent":0,"menu_order":0,"comment_status":"closed","ping_status":"closed","template":"","meta":{"_et_pb_use_builder":"on","_et_pb_old_content":"","_et_gb_content_width":"","footnotes":""},"class_list":["post-2612","page","type-page","status-publish","hentry"],"yoast_head":"<!-- This site is optimized with the Yoast SEO plugin v27.5 - https:\/\/yoast.com\/product\/yoast-seo-wordpress\/ -->\n<title>Lista per il Consiglio Comunale - mariablazina.hr<\/title>\n<meta name=\"robots\" content=\"index, follow, max-snippet:-1, max-image-preview:large, max-video-preview:-1\" \/>\n<link rel=\"canonical\" href=\"https:\/\/mariablazina.hr\/it\/lista-per-il-consiglio-comunale\/\" \/>\n<meta property=\"og:locale\" content=\"it_IT\" \/>\n<meta property=\"og:type\" content=\"article\" \/>\n<meta property=\"og:title\" content=\"Lista per il Consiglio Comunale - mariablazina.hr\" \/>\n<meta property=\"og:description\" content=\"Lista per il Consiglio Comunale\u201eLa scienza mi ha insegnato come risolvere i problemi. La vita a Rovigno mi ha insegnato perch\u00e9 \u00e8 importante non arrendersi.\u201cSono dottoressa in scienze marine e dirigo il laboratorio presso l&amp;#39;Istituto Ru\u0111er Bo\u0161kovi\u0107. Da anni studio l\u2019impatto dei cambiamenti climatici sull\u2019Adriatico. Nel lavoro scientifico, come nella vita, credo nei dati, nella [&hellip;]\" \/>\n<meta property=\"og:url\" content=\"https:\/\/mariablazina.hr\/it\/lista-per-il-consiglio-comunale\/\" \/>\n<meta property=\"og:site_name\" content=\"mariablazina.hr\" \/>\n<meta property=\"article:modified_time\" content=\"2025-05-10T12:50:26+00:00\" \/>\n<meta property=\"og:image\" content=\"https:\/\/mariablazina.hr\/wp-content\/uploads\/2025\/03\/slika-3.1.jpg\" \/>\n\t<meta property=\"og:image:width\" content=\"1272\" \/>\n\t<meta property=\"og:image:height\" content=\"848\" \/>\n\t<meta property=\"og:image:type\" content=\"image\/jpeg\" \/>\n<meta name=\"twitter:card\" content=\"summary_large_image\" \/>\n<meta name=\"twitter:label1\" content=\"Tempo di lettura stimato\" \/>\n\t<meta name=\"twitter:data1\" content=\"30 minuti\" \/>\n<script type=\"application\/ld+json\" class=\"yoast-schema-graph\">{\"@context\":\"https:\\\/\\\/schema.org\",\"@graph\":[{\"@type\":\"WebPage\",\"@id\":\"https:\\\/\\\/mariablazina.hr\\\/it\\\/lista-per-il-consiglio-comunale\\\/\",\"url\":\"https:\\\/\\\/mariablazina.hr\\\/it\\\/lista-per-il-consiglio-comunale\\\/\",\"name\":\"Lista per il Consiglio Comunale - mariablazina.hr\",\"isPartOf\":{\"@id\":\"https:\\\/\\\/mariablazina.hr\\\/it\\\/#website\"},\"datePublished\":\"2025-05-06T09:46:31+00:00\",\"dateModified\":\"2025-05-10T12:50:26+00:00\",\"breadcrumb\":{\"@id\":\"https:\\\/\\\/mariablazina.hr\\\/it\\\/lista-per-il-consiglio-comunale\\\/#breadcrumb\"},\"inLanguage\":\"it-IT\",\"potentialAction\":[{\"@type\":\"ReadAction\",\"target\":[\"https:\\\/\\\/mariablazina.hr\\\/it\\\/lista-per-il-consiglio-comunale\\\/\"]}]},{\"@type\":\"BreadcrumbList\",\"@id\":\"https:\\\/\\\/mariablazina.hr\\\/it\\\/lista-per-il-consiglio-comunale\\\/#breadcrumb\",\"itemListElement\":[{\"@type\":\"ListItem\",\"position\":1,\"name\":\"Po\u010detna stranica\",\"item\":\"https:\\\/\\\/mariablazina.hr\\\/it\\\/\"},{\"@type\":\"ListItem\",\"position\":2,\"name\":\"Lista per il Consiglio Comunale\"}]},{\"@type\":\"WebSite\",\"@id\":\"https:\\\/\\\/mariablazina.hr\\\/it\\\/#website\",\"url\":\"https:\\\/\\\/mariablazina.hr\\\/it\\\/\",\"name\":\"mariablazina.hr\",\"description\":\"Slu\u017ebena stranica kandidatkinje za gradona\u010delnicu Grad Rovinja - Rovigno - Maria Bla\u017eina\",\"publisher\":{\"@id\":\"https:\\\/\\\/mariablazina.hr\\\/it\\\/#\\\/schema\\\/person\\\/b6be7a9ec2ea74359606d8007c4eb911\"},\"potentialAction\":[{\"@type\":\"SearchAction\",\"target\":{\"@type\":\"EntryPoint\",\"urlTemplate\":\"https:\\\/\\\/mariablazina.hr\\\/it\\\/?s={search_term_string}\"},\"query-input\":{\"@type\":\"PropertyValueSpecification\",\"valueRequired\":true,\"valueName\":\"search_term_string\"}}],\"inLanguage\":\"it-IT\"},{\"@type\":[\"Person\",\"Organization\"],\"@id\":\"https:\\\/\\\/mariablazina.hr\\\/it\\\/#\\\/schema\\\/person\\\/b6be7a9ec2ea74359606d8007c4eb911\",\"name\":\"Maria Bla\u017eina\",\"image\":{\"@type\":\"ImageObject\",\"inLanguage\":\"it-IT\",\"@id\":\"https:\\\/\\\/mariablazina.hr\\\/wp-content\\\/uploads\\\/2025\\\/03\\\/slika-3.1.jpg\",\"url\":\"https:\\\/\\\/mariablazina.hr\\\/wp-content\\\/uploads\\\/2025\\\/03\\\/slika-3.1.jpg\",\"contentUrl\":\"https:\\\/\\\/mariablazina.hr\\\/wp-content\\\/uploads\\\/2025\\\/03\\\/slika-3.1.jpg\",\"width\":1272,\"height\":848,\"caption\":\"Maria Bla\u017eina\"},\"logo\":{\"@id\":\"https:\\\/\\\/mariablazina.hr\\\/wp-content\\\/uploads\\\/2025\\\/03\\\/slika-3.1.jpg\"},\"sameAs\":[\"https:\\\/\\\/mariablazina.hr\\\/\"]}]}<\/script>\n<!-- \/ Yoast SEO plugin. -->","yoast_head_json":{"title":"Lista per il Consiglio Comunale - mariablazina.hr","robots":{"index":"index","follow":"follow","max-snippet":"max-snippet:-1","max-image-preview":"max-image-preview:large","max-video-preview":"max-video-preview:-1"},"canonical":"https:\/\/mariablazina.hr\/it\/lista-per-il-consiglio-comunale\/","og_locale":"it_IT","og_type":"article","og_title":"Lista per il Consiglio Comunale - mariablazina.hr","og_description":"Lista per il Consiglio Comunale\u201eLa scienza mi ha insegnato come risolvere i problemi. La vita a Rovigno mi ha insegnato perch\u00e9 \u00e8 importante non arrendersi.\u201cSono dottoressa in scienze marine e dirigo il laboratorio presso l&amp;#39;Istituto Ru\u0111er Bo\u0161kovi\u0107. Da anni studio l\u2019impatto dei cambiamenti climatici sull\u2019Adriatico. Nel lavoro scientifico, come nella vita, credo nei dati, nella [&hellip;]","og_url":"https:\/\/mariablazina.hr\/it\/lista-per-il-consiglio-comunale\/","og_site_name":"mariablazina.hr","article_modified_time":"2025-05-10T12:50:26+00:00","og_image":[{"width":1272,"height":848,"url":"https:\/\/mariablazina.hr\/wp-content\/uploads\/2025\/03\/slika-3.1.jpg","type":"image\/jpeg"}],"twitter_card":"summary_large_image","twitter_misc":{"Tempo di lettura stimato":"30 minuti"},"schema":{"@context":"https:\/\/schema.org","@graph":[{"@type":"WebPage","@id":"https:\/\/mariablazina.hr\/it\/lista-per-il-consiglio-comunale\/","url":"https:\/\/mariablazina.hr\/it\/lista-per-il-consiglio-comunale\/","name":"Lista per il Consiglio Comunale - mariablazina.hr","isPartOf":{"@id":"https:\/\/mariablazina.hr\/it\/#website"},"datePublished":"2025-05-06T09:46:31+00:00","dateModified":"2025-05-10T12:50:26+00:00","breadcrumb":{"@id":"https:\/\/mariablazina.hr\/it\/lista-per-il-consiglio-comunale\/#breadcrumb"},"inLanguage":"it-IT","potentialAction":[{"@type":"ReadAction","target":["https:\/\/mariablazina.hr\/it\/lista-per-il-consiglio-comunale\/"]}]},{"@type":"BreadcrumbList","@id":"https:\/\/mariablazina.hr\/it\/lista-per-il-consiglio-comunale\/#breadcrumb","itemListElement":[{"@type":"ListItem","position":1,"name":"Po\u010detna stranica","item":"https:\/\/mariablazina.hr\/it\/"},{"@type":"ListItem","position":2,"name":"Lista per il Consiglio Comunale"}]},{"@type":"WebSite","@id":"https:\/\/mariablazina.hr\/it\/#website","url":"https:\/\/mariablazina.hr\/it\/","name":"mariablazina.hr","description":"Slu\u017ebena stranica kandidatkinje za gradona\u010delnicu Grad Rovinja - Rovigno - Maria Bla\u017eina","publisher":{"@id":"https:\/\/mariablazina.hr\/it\/#\/schema\/person\/b6be7a9ec2ea74359606d8007c4eb911"},"potentialAction":[{"@type":"SearchAction","target":{"@type":"EntryPoint","urlTemplate":"https:\/\/mariablazina.hr\/it\/?s={search_term_string}"},"query-input":{"@type":"PropertyValueSpecification","valueRequired":true,"valueName":"search_term_string"}}],"inLanguage":"it-IT"},{"@type":["Person","Organization"],"@id":"https:\/\/mariablazina.hr\/it\/#\/schema\/person\/b6be7a9ec2ea74359606d8007c4eb911","name":"Maria Bla\u017eina","image":{"@type":"ImageObject","inLanguage":"it-IT","@id":"https:\/\/mariablazina.hr\/wp-content\/uploads\/2025\/03\/slika-3.1.jpg","url":"https:\/\/mariablazina.hr\/wp-content\/uploads\/2025\/03\/slika-3.1.jpg","contentUrl":"https:\/\/mariablazina.hr\/wp-content\/uploads\/2025\/03\/slika-3.1.jpg","width":1272,"height":848,"caption":"Maria Bla\u017eina"},"logo":{"@id":"https:\/\/mariablazina.hr\/wp-content\/uploads\/2025\/03\/slika-3.1.jpg"},"sameAs":["https:\/\/mariablazina.hr\/"]}]}},"_links":{"self":[{"href":"https:\/\/mariablazina.hr\/it\/wp-json\/wp\/v2\/pages\/2612","targetHints":{"allow":["GET"]}}],"collection":[{"href":"https:\/\/mariablazina.hr\/it\/wp-json\/wp\/v2\/pages"}],"about":[{"href":"https:\/\/mariablazina.hr\/it\/wp-json\/wp\/v2\/types\/page"}],"author":[{"embeddable":true,"href":"https:\/\/mariablazina.hr\/it\/wp-json\/wp\/v2\/users\/1"}],"replies":[{"embeddable":true,"href":"https:\/\/mariablazina.hr\/it\/wp-json\/wp\/v2\/comments?post=2612"}],"version-history":[{"count":21,"href":"https:\/\/mariablazina.hr\/it\/wp-json\/wp\/v2\/pages\/2612\/revisions"}],"predecessor-version":[{"id":2645,"href":"https:\/\/mariablazina.hr\/it\/wp-json\/wp\/v2\/pages\/2612\/revisions\/2645"}],"wp:attachment":[{"href":"https:\/\/mariablazina.hr\/it\/wp-json\/wp\/v2\/media?parent=2612"}],"curies":[{"name":"wp","href":"https:\/\/api.w.org\/{rel}","templated":true}]}}